{"id":8811,"date":"2019-11-20T16:43:59","date_gmt":"2019-11-20T19:43:59","guid":{"rendered":"https:\/\/dioceseteixeiradefreitas.com.br\/?page_id=8811"},"modified":"2025-03-11T10:31:06","modified_gmt":"2025-03-11T13:31:06","slug":"clero","status":"publish","type":"page","link":"https:\/\/dioceseteixeiradefreitas.com.br\/?page_id=8811","title":{"rendered":"Clero"},"content":{"rendered":"\n<p class=\"has-text-align-center\"><strong>CLERO DIOCESANO<\/strong><\/p>\n\n\n\n<p><strong>PE. AELSON NEVES DE JESUS<\/strong><br>P\u00e1roco da Par\u00f3quia N. Sra. da Concei\u00e7\u00e3o em Nova Vi\u00e7osa<br>Nascido em 16\/12 | Ordenado em 26\/12\/2004<\/p>\n\n\n\n<p><strong>PE. ALDOMIRO ACIOLE DO NASCIMENTO ARA\u00daJO<\/strong><br>Ec\u00f4nomo da Diocese<br>P\u00e1roco da Par\u00f3quia S\u00e3o Benedito em Posto da Mata<br>Nascido em 07\/04 | Ordenado em 13\/07\/2013<\/p>\n\n\n\n<p><strong>PE. ARISTON DOMINGUES DE ARA\u00daJO<\/strong><br>Reitor do Semin\u00e1rio Proped\u00eautico<br>Chanceler do Bispado<br>Administrador Paroquial da Par\u00f3quia S\u00e3o Jos\u00e9 Oper\u00e1rio em<br>Teixeira de Freitas<br>Nascido em 27\/09 | Ordenado em 26\/12\/2004<\/p>\n\n\n\n<p><strong>PE. D\u00c1CIO BAI\u00c3O DE SOUZA<\/strong><br>Residindo na Casa do Clero<br>Nascido em 11\/04 | Ordenado em 22\/12\/1990<\/p>\n\n\n\n<p><strong>PE. DIEGO CLAUDIO DE OLIVEIRA MONTEIRO<\/strong><br>Vig\u00e1rio Paroquial da Par\u00f3quia S\u00e3o Francisco de Assis em Teixeira de Freitas<br>Nascido em 01\/08 \/ Ordenado em 27\/07\/2024<\/p>\n\n\n\n<p><strong>PE. DOUGLAS ANTUNES LISBOA<\/strong><br>Administrador Paroquial da Par\u00f3quia Santa Rita de C\u00e1ssia em Teixeira de Freitas<br>Nascido em 01\/09 | Ordenado em 03\/07\/2021<\/p>\n\n\n\n<p><strong>PE. EMANOEL SILVA DOS SANTOS<\/strong><br>Administrador Paroquial da Par\u00f3quia Santo Ant\u00f4nio no Distrito de Santo Ant\u00f4nio<br>Nascido em 29\/10 | Ordenado em 18\/12\/2021<\/p>\n\n\n\n<p><strong>PE. EDIVALDO OLIVEIRA SANTANA<\/strong><br>Vig\u00e1rio Geral da Diocese<br>Moderador da C\u00faria Diocesana<br>P\u00e1roco da Par\u00f3quia S\u00e3o Pedro em Teixeira de Freitas<br>Nascido em 25\/12 | Ordenado em 14\/09\/1996<\/p>\n\n\n\n<p><strong>PE. ELVIS ELIZI\u00c1RIA DE JESUS<\/strong><br>Administrador Paroquial da Par\u00f3quia Senhor do Bonfim em Ibiraj\u00e1<br>Nascido em 29\/04| Ordenado em 13\/07\/2019<\/p>\n\n\n\n<p><strong>PE. GERFERSON VICTORINO<\/strong><br>Vig\u00e1rio Paroquial da Par\u00f3quia S\u00e3o Benedito em Posto da Mata e residindo na Quase Par\u00f3quia Nossa Senhora da Soledade no Distrito de Argolo<br>Nascido em 06\/11 | Ordenado em 12\/12\/2022<\/p>\n\n\n\n<p><strong>PE. GILBERTO JESUS DOS SANTOS<\/strong><br>Administrador Paroquial da Par\u00f3quia S\u00e3o Miguel Arcanjo em Teixeira de Freitas<br>Nascido em 06\/03 | Ordenado em 26\/12\/2004<\/p>\n\n\n\n<p><strong>PE. GIOVANE SOUZA CRUZ<\/strong><br>Administrador Paroquial da Par\u00f3quia Santa Luzia em Teixeira de Freitas<br>Nascido em 22\/05 \/ Ordenado em 27\/07\/2024<\/p>\n\n\n\n<p><strong>PE. HENRIQUE SANTOS CORREIA<\/strong><br>Administrador Paroquial da Par\u00f3quia S\u00e3o Sebasti\u00e3o em Vereda<br>Nascido em 15\/09 \/ Ordenado em 27\/07\/2024<\/p>\n\n\n\n<p><strong>PE. HOMERO GOMES REBOU\u00c7AS FILHO<\/strong><br>Administrador Paroquial da Par\u00f3quia Santa Luzia em Itabatan<br>Nascido em 03\/06 | Ordenado em 15\/10\/2011<\/p>\n\n\n\n<p><strong>PE. ISAEL SANTANA DA SILVA<\/strong><br>P\u00e1roco da Par\u00f3quia Nossa Senhora de F\u00e1tima em Itamaraju<br>Nascido em 17\/12 | Ordenado em 14\/01\/2012<\/p>\n\n\n\n<p><strong>PE. JAELSON CERQUEIRA SANTOS<\/strong><br>Cursando Mestrado em Teologia Moral em Roma<br>Nascido em 23\/01 | Ordenado em 04\/01\/2020<\/p>\n\n\n\n<p><strong>PE. JAILTON SOUSA SAPUCAIA<\/strong><br>P\u00e1roco da Par\u00f3quia S\u00e3o Jos\u00e9 Esposo em Guarani &#8211; Prado<br>Nascido em 10\/04 | Ordenado em 10\/01\/2010<\/p>\n\n\n\n<p><strong>PE. JAN GABRIEL RODRIGUES DE SOUZA<\/strong><br>P\u00e1roco da Par\u00f3quia Nossa Senhoras das Gra\u00e7as em Lajed\u00e3o<br>Nascido em 23\/04 | Ordenado em 13\/07\/2013<\/p>\n\n\n\n<p><strong>PE. JO\u00c3O CARLOS BARBOSA NUNES<br><\/strong>Residindo na Casa do Clero<br>Nascido em 04\/09 | Ordenado em 27\/05\/1990<\/p>\n\n\n\n<p><strong>PE. JOS\u00c9 AILTON RIBEIRO PARDINHO<br><\/strong>P\u00e1roco da Par\u00f3quia Imaculada Concei\u00e7\u00e3o em Teixeira de Freitas<br>Nascido em 04\/06 | Ordenado em 02\/10\/1993<\/p>\n\n\n\n<p><strong>PE. JOS\u00c9 RICARDO DE ALMEIDA<br><\/strong>Vig\u00e1rio Paroquial da Par\u00f3quia Nossa Senhora D\u2019Ajuda em Itanh\u00e9m.<br>Nascido em 04\/05 | Ordenado em 29\/04\/2018<\/p>\n\n\n\n<p><strong>PE. KAYO CAMPECHE<\/strong><br>Administrador Paroquial da Par\u00f3quia Cristo Rei em Itamaraju<br>Nascido em 11\/12 | Ordenado em 17\/07\/2023<\/p>\n\n\n\n<p><strong>PE. LE\u00d4NIDAS CARDOSO REIS J\u00daNIOR<\/strong><br>Ordinariado Militar em Santa Maria \u2013 RS<br>Nascido em 01\/10 | Ordenado em 09\/07\/2016<\/p>\n\n\n\n<p><strong>PE. LOURISVANDE GOMES CARVALHO<\/strong><br>Vig\u00e1rio Paroquial da Par\u00f3quia Sebasti\u00e3o em Jucuru\u00e7u e residindo na Quase Par\u00f3quia Nossa Senhora Aparecida em Cruzeiro do Sul<br>Nascido em 15\/02 | Ordenado em 10\/01\/2010<\/p>\n\n\n\n<p><strong>PE. LEONARDO CARVALHO<\/strong><br>Mestre de Cerim\u00f4nias da Diocese<br>Administrador Paroquial da Par\u00f3quia S\u00e3o Crist\u00f3v\u00e3o em Medeiros Neto.<br>Nascido em 18\/07 | Ordenado em 17\/06\/2023<\/p>\n\n\n\n<p><strong>PE. MANOEL FREIRE DE OLIVEIRA NETO<\/strong><br>Administrador Paroquial da Par\u00f3quia S\u00e3o Sebasti\u00e3o em Jucuru\u00e7u<br>Nascido em 08\/12 | Ordenado em 28\/01\/2023<\/p>\n\n\n\n<p><strong>PE. MARCOS VIANA SILVA<br><\/strong>Cursando Mestrado em Liturgia em Roma.<br>Nascido em 26\/03 | Ordenado em 18\/12\/2021<\/p>\n\n\n\n<p><strong>PE. MATHAUS SAMPAIO SALES<\/strong><br>Administrador Paroquial da Par\u00f3quia Santo Ant\u00f4nio no Distrito de Nova L\u00eddice<br>Nascido em 30\/04 | Ordenado em 07\/01\/2023<\/p>\n\n\n\n<p><strong>PE. MATHEW RATHISH<\/strong><br>Vig\u00e1rio Paroquial da Par\u00f3quia S\u00e3o Bernardo em Alcoba\u00e7a e residindo na Quase Par\u00f3quia S\u00e3o Jos\u00e9 em S\u00e3o Jos\u00e9 de Alcoba\u00e7a<br>Nascido em: 11\/04 | Ordenado em 26\/12\/2010<\/p>\n\n\n\n<p><strong>PE. MET\u00d3DIO MACEDO SANTOS<\/strong><br>Cura da Catedral Diocesana<br>Nascido em 27\/02 | Ordenado em 20\/12\/1997<\/p>\n\n\n\n<p><strong>PE. MOIS\u00c9S ANT\u00d4NIO DE ALMEIDA PORCINO<\/strong><br>Residindo na Casa do Clero.<br>Nascido em 03\/06 | Ordenado em 06\/12\/1992<\/p>\n\n\n\n<p><strong>PE. NESTOR MARCIAL CYRIACO FILHO<\/strong><br>P\u00e1roco da Par\u00f3quia S\u00e3o Jo\u00e3o Batista em Teixeira de Freitas<br>Nascido em 01\/11 | Ordenado em 26\/02\/2000<\/p>\n\n\n\n<p><strong>PE. PAULO ANDR\u00c9 COSTA DE OLIVEIRA<\/strong><br>Administrador Paroquial da Par\u00f3quia Nossa Senhora da Purifica\u00e7\u00e3o no Prado<br>Nascido em 29\/09 | Ordenado em 17\/06\/2023<\/p>\n\n\n\n<p><strong>PE. PAULO C\u00c9SAR PEREIRA PINTO<\/strong><br>P\u00e1roco da Par\u00f3quia Nossa Senhora das Gra\u00e7as em Teixeira de Freitas.<br>Nascido em 12\/12 | Ordenado em 30\/11\/2005<\/p>\n\n\n\n<p><strong>PE. PAULO SANTOS SALES<\/strong><br>P\u00e1roco da Par\u00f3quia Imaculada Concei\u00e7\u00e3o em Medeiros Neto<br>Nascido em 01\/09 | Ordenado em 06\/07\/2008<\/p>\n\n\n\n<p><strong>PE. PAULO S\u00c9RGIO GOMES DE MELO<\/strong><br>Administrador Paroquial da Par\u00f3quia S\u00e3o Sebasti\u00e3o em Teixeira de Freitas<br>Nascido em 01\/09 | Ordenado em 07\/10\/2007<\/p>\n\n\n\n<p><strong>PE. PAULO THADEU SOUZA SANTOS<\/strong><br>Vig\u00e1rio Paroquial da Par\u00f3quia Nossa Senhora D\u2019Ajuda em Itanh\u00e9m, e residindo na Quase Par\u00f3quia Senhor Bom Jesus em Batinga<br>Nascido em 30\/07 \/ Ordenado em 27\/07\/2024<\/p>\n\n\n\n<p><strong>PE. PEDRO FRANCISCO PEREIRA MEDEIROS<\/strong><br>Vig\u00e1rio Paroquial da Par\u00f3quia Nossa Senhora da Purifica\u00e7\u00e3o no Prado<br>Nascido em 30\/12 \/ Ordenado em 27\/07\/2024<\/p>\n\n\n\n<p><strong>PE. PHELLIPE MOREIRA DA F\u00c9<\/strong><br>Vig\u00e1rio Paroquial da Co-Catedral Santo Ant\u00f4nio em Caravelas<br>Nascido em 03\/07 \/ Ordenado em 27\/07\/2024<\/p>\n\n\n\n<p><strong>PE. RAUL FELIPE ALVES DA SILVA<\/strong><br>P\u00e1roco da Par\u00f3quia S\u00e3o Jos\u00e9 em Mucuri<br>Nascido em 23\/10 | Ordenado em 13\/07\/2013<\/p>\n\n\n\n<p><strong>PE. RICARDO DE PINHO MENEZES<br><\/strong>Coordenador Diocesano de Pastoral<br>P\u00e1roco da Par\u00f3quia Santo Ant\u00f4nio em Teixeira de Freitas<br>Nascido em 28\/08 | Ordenado em 27\/05\/2006<\/p>\n\n\n\n<p><strong>PE. ROBERTO PEREIRA DA SILVA<\/strong><br>Reitor do Semin\u00e1rio Maior S\u00e3o Jo\u00e3o Paulo II em Salvador<br>Nascido em 02\/12 | Ordenado em 10\/01\/2010<\/p>\n\n\n\n<p><strong>PE. RODRIGO RODRIGUES VIEIRA<\/strong><br>Administrador Paroquial da Par\u00f3quia S\u00e3o Louren\u00e7o em Teixeira de Freitas<br>Nascido em 01\/10 \/ Ordenado em 27\/07\/2024<\/p>\n\n\n\n<p><strong>PE. ROG\u00c9RIO GON\u00c7ALVES SANTOS<\/strong><br>Cursando Mestrado em Direito Can\u00f4nico no Rio de Janeiro.<br>Nascido em 18\/05 | Ordenado em 22\/09\/2016<\/p>\n\n\n\n<p><strong>PE. RONALDO CARDOSO DE OLIVEIRA<\/strong><br>P\u00e1roco da Par\u00f3quia S\u00e3o Jos\u00e9 Oper\u00e1rio em Teixeira de Freitas<br>Nascido em 07\/01 | Ordenado em 07\/04\/2001<\/p>\n\n\n\n<p><strong>PE. S\u00c1VIO MARQUES FIOROT<\/strong><br>Administrador Paroquial da Par\u00f3quia S\u00e3o Jos\u00e9 em Itabatan<br>Nascido em 20\/02 | Ordenado em 11\/02\/2023<\/p>\n\n\n\n<p><strong>PE. UILTON DOS SANTOS ALVES<\/strong><br>Vig\u00e1rio Paroquial da Par\u00f3quia S\u00e3o Benedito em Posto da Mata e residindo na Quase Par\u00f3quia S\u00e3o Jos\u00e9 no Trevo de Posto da Mata<br>Nascido em 27\/05 | Ordenado em 09\/07\/2021<\/p>\n\n\n\n<p><strong>PE. VAGNER BATISTA DE MELO<\/strong><br>Representante dos Presb\u00edteros<br>P\u00e1roco da Co-Catedral Santo Ant\u00f4nio em Caravelas<br>Nascido em 23\/05 | Ordenado em 25\/07\/2009<\/p>\n\n\n\n<p><strong>PE. VALDIR VITORINO<\/strong><br>P\u00e1roco da Par\u00f3quia S\u00e3o Bernardo em Alcoba\u00e7a<br>Nascido em 02\/03 | Ordenado em 30\/11\/2002<\/p>\n\n\n\n<p><strong>PE. VANDERLEI DA ROCHA COUTINHO<\/strong><br>Vice \u2013 Cura da Catedral Diocesana<br>Nascido em 15\/07 | Ordenado em 17\/06\/2001<\/p>\n\n\n\n<p><strong>PE. VANDERLEY SILVA DE OLIVEIRA<\/strong><br>Vig\u00e1rio Judicial do Tribunal Eclesi\u00e1stico Interdiocesano<br>P\u00e1roco da Par\u00f3quia S\u00e3o Francisco de Assis em Teixeira de Freitas<br>Nascido em 28\/05 | Ordenado em 15\/09\/1996<\/p>\n\n\n\n<p><strong>PE. VITOR ALVES DE AGUILAR<\/strong><br>Administrador Paroquial da Par\u00f3quia Senhor Bom Jesus em<br>Ibirapu\u00e3<br>Nascido em 16\/05 | Ordenado em 07\/01\/2023<\/p>\n\n\n\n<p><strong>PE. WALDEMIR OLIVEIRA DA LUZ FILHO<\/strong><br>Administrador Paroquial da Par\u00f3quia Nossa Senhora D\u2019Ajuda em<br>Itanh\u00e9m<br>Nascido em 03\/11 | Ordenado em 03\/07\/2021<\/p>\n\n\n\n<p><strong>PE. WALLAS DE OLIVEIRA<\/strong><br>Cursando Mestrado em Direito Can\u00f4nico no Rio de Janeiro<br>Nascido em 30\/06 | Ordenado em 18\/07\/2020<\/p>\n\n\n\n<p class=\"has-text-align-center\"><strong>CLERO RELIGIOSO<\/strong><\/p>\n\n\n\n<p><strong>FREI ALAN SANTANA<\/strong><br>P\u00e1roco da Par\u00f3quia Santos Cosme e Dami\u00e3o em Itamaraju<br>Nascido em 21\/12 | Profiss\u00e3o Religiosa em 25\/11\/2012<br>Ordenado em 04\/01\/2020<br>Tel: (73) 999981-4600<br>E-mail: fr4ans@gmail.com<\/p>\n\n\n\n<p><strong>FREI ANT\u00d4NIO BISPO NASCIMENTO FILHO<\/strong><br>Vig\u00e1rio Paroquial da Par\u00f3quia Santos Cosme e Dami\u00e3o em<br>Itamaraju<br>Nascido em 12\/01 | Profiss\u00e3o Religiosa em 18\/09\/1993<br>Ordenado em 06\/05\/2000<br>Tel: (73) 98832-1080<\/p>\n\n\n\n<p><strong>FREI JO\u00c3O AMBR\u00d3SIO DOS SANTOS<\/strong><br>Vig\u00e1rio Paroquial da Par\u00f3quia Santos Cosme e Dami\u00e3o em<br>Itamaraju<br>Nascido em 19\/03 | Profiss\u00e3o Religiosa em 13\/01\/1990<br>Ordenado em 29\/05\/1999<br>Tel: (73) 98113-5329<\/p>\n\n\n\n<p><strong>PE. BENOY JOSEPH (CMI)<\/strong><br>Administrador Paroquial da Par\u00f3quia S\u00e3o Paulo Ap\u00f3stolo em Teixeira de Freitas<br>Nascido em 27\/01| Ordenado em 01\/01\/2014<\/p>\n\n\n\n<p><strong>PE. JOS\u00c9 VARKEY PAILY PALLICKAPARAMBIL<\/strong><br>Vig\u00e1rio Paroquial da Par\u00f3quia S\u00e3o Paulo Ap\u00f3stolo em Teixeira de Freitas<br>Nascido em 24\/07 | Ordenado em 30\/12\/2000<\/p>\n\n\n\n<p class=\"has-text-align-center\"><strong>DI\u00c1CONOS<\/strong><\/p>\n\n\n\n<p><strong>DI\u00c1CONO DAVID OLIVEIRA DOS ANJOS<\/strong><br>Par\u00f3quia S\u00e3o Jos\u00e9 Oper\u00e1rio em Teixeira de Freitas<br>Nascido em 27\/09\/1993 \/ Ordenado em 03\/08\/2024<\/p>\n\n\n\n<p><strong>DI\u00c1CONO VITOR LEITE DA SILVA<\/strong><br>Par\u00f3quia S\u00e3o Miguel Arcanjo em Teixeira de Freitas<br>Nascido em 28\/06\/1997 \/ Ordenado em 20\/12\/2024<\/p>\n\n\n\n<p><\/p>\n","protected":false},"excerpt":{"rendered":"<p>CLERO DIOCESANO PE. AELSON NEVES DE JESUSP\u00e1roco da Par\u00f3quia N. Sra. da Concei\u00e7\u00e3o em Nova Vi\u00e7osaNascido em 16\/12 | Ordenado em 26\/12\/2004 PE. ALDOMIRO ACIOLE DO NASCIMENTO ARA\u00daJOEc\u00f4nomo da DioceseP\u00e1roco da Par\u00f3quia S\u00e3o Benedito em Posto da MataNascido em 07\/04 | Ordenado em 13\/07\/2013 PE. ARISTON DOMINGUES DE ARA\u00daJOReitor do Semin\u00e1rio Proped\u00eauticoChanceler do BispadoAdministrador Paroquial &hellip;<\/p>\n","protected":false},"author":1,"featured_media":0,"parent":0,"menu_order":0,"comment_status":"closed","ping_status":"closed","template":"","meta":{"footnotes":""},"class_list":["post-8811","page","type-page","status-publish","hentry"],"_links":{"self":[{"href":"https:\/\/dioceseteixeiradefreitas.com.br\/index.php?rest_route=\/wp\/v2\/pages\/8811","targetHints":{"allow":["GET"]}}],"collection":[{"href":"https:\/\/dioceseteixeiradefreitas.com.br\/index.php?rest_route=\/wp\/v2\/pages"}],"about":[{"href":"https:\/\/dioceseteixeiradefreitas.com.br\/index.php?rest_route=\/wp\/v2\/types\/page"}],"author":[{"embeddable":true,"href":"https:\/\/dioceseteixeiradefreitas.com.br\/index.php?rest_route=\/wp\/v2\/users\/1"}],"replies":[{"embeddable":true,"href":"https:\/\/dioceseteixeiradefreitas.com.br\/index.php?rest_route=%2Fwp%2Fv2%2Fcomments&post=8811"}],"version-history":[{"count":5,"href":"https:\/\/dioceseteixeiradefreitas.com.br\/index.php?rest_route=\/wp\/v2\/pages\/8811\/revisions"}],"predecessor-version":[{"id":24007,"href":"https:\/\/dioceseteixeiradefreitas.com.br\/index.php?rest_route=\/wp\/v2\/pages\/8811\/revisions\/24007"}],"wp:attachment":[{"href":"https:\/\/dioceseteixeiradefreitas.com.br\/index.php?rest_route=%2Fwp%2Fv2%2Fmedia&parent=8811"}],"curies":[{"name":"wp","href":"https:\/\/api.w.org\/{rel}","templated":true}]}}